{"id":34946,"date":"2021-06-23T13:41:26","date_gmt":"2021-06-23T13:41:26","guid":{"rendered":"https:\/\/abic.wpengine.com\/event\/cumpliendo-la-promesa-de-florida-foro-del-presidente-de-la-universidad-sobre-el-dream-act-y-la-reforma-migratoria\/"},"modified":"2021-06-23T13:41:26","modified_gmt":"2021-06-23T13:41:26","slug":"cumpliendo-la-promesa-de-florida-foro-del-presidente-de-la-universidad-sobre-el-dream-act-y-la-reforma-migratoria","status":"publish","type":"event","link":"https:\/\/abic.us\/es\/event\/cumpliendo-la-promesa-de-florida-foro-del-presidente-de-la-universidad-sobre-el-dream-act-y-la-reforma-migratoria\/","title":{"rendered":"Cumpliendo la promesa de Florida: Foro del Presidente de la Universidad sobre el Dream Act y la Reforma Migratoria"},"content":{"rendered":"<p class=\"p1\"><a href=\"https:\/\/us06web.zoom.us\/webinar\/register\/WN_C-yTouc0QuO4BXXHRrHqIg\"><b><img loading=\"lazy\" decoding=\"async\" class=\"alignnone wp-image-31420\" src=\"https:\/\/abic.imgix.net\/assets\/1.corrected.06.23.21.promo_.Florida-University-Roundtable.png\" alt=\"\" width=\"620\" height=\"328\"><\/b><\/a><\/p>\n<p class=\"p1\"><b>Cumpliendo la promesa de Florida:<\/b> <strong>Foro del Presidente de la Universidad sobre el Dream Act y la Reforma Migratoria<\/strong><\/p>\n<p class=\"p2\">\u00danase a nosotros en  <b>Martes 29 de junio, a las 2:00 PM EST<\/b> para  <b>Cumpliendo la promesa de Florida:<\/b> <i>Foro del Presidente de la Universidad sobre el Dream Act y la Reforma Migratoria.<\/i> Escuche a los l\u00edderes de la educaci\u00f3n superior, incluidos los presidentes de universidades, administradores, defensores y estudiantes, mientras discuten c\u00f3mo la futura fuerza laboral educada de Florida depende de la aprobaci\u00f3n de una Ley Federal DREAM y soluciones de inmigraci\u00f3n bipartidistas.<\/p>\n<p class=\"p1\">Hora: <b>Martes 29 de junio de 2021 de 2:00 a 3:00 p.m.<\/b><\/p>\n<p class=\"p1\">(<a href=\"https:\/\/bit.ly\/FLUniversityForum\">HAGA CLIC AQU\u00cd PARA REGISTRARSE<\/a>)<\/p>\n<p class=\"p1\">Los oradores incluyen;<\/p>\n<ul class=\"ul1\">\n<li class=\"li1\">Dr. Eduardo Padr\u00f3n, Presidente Em\u00e9rito, Miami Dade College y Miembro de la Junta directiva del Fondo IMPAC<\/li>\n<li class=\"li1\">Dr. Julio Frenk, Presidente, Universidad de Miami<\/li>\n<li class=\"li1\">Gregory Adam Haile, JD, Presidente, Broward College<\/li>\n<li class=\"li1\">Dr. George L. Hanbury II, Presidente y CEO, Nova Southeastern University<\/li>\n<li class=\"li1\">Dr. Jeffrey D. Senese, Presidente, Universidad de Saint Leo<\/li>\n<li class=\"li1\">David A. Armstrong, JD, Presidente, Universidad de St. Thomas<\/li>\n<li class=\"li1\">Jennifer Boyd-Pugh, MS, Vicepresidenta de Administraci\u00f3n Universitaria, Barry University<\/li>\n<li>Idalia Quinteros, So\u00f1adora, Miami Dade Honors College<\/li>\n<li>Gaby Pacheco, Directora de Promoci\u00f3n, Desarrollo y Comunicaciones theDREAM.us<\/li>\n<li>Miriam Feldblum, Directora Ejecutiva de la Alianza de Presidentes sobre Educaci\u00f3n Superior e Inmigraci\u00f3n<\/li>\n<li>Kathy Bird Carvajal<strong>, <\/strong>Directora Ejecutiva, Fondo IMPAC<\/li>\n<li>Mario Cartaya, CEO, Cartaya and Associates Architects<\/li>\n<li class=\"li1\">Brandy M. Fransen, Directora Asociada Senior de Admisi\u00f3n Internacional, Rollins College<\/li>\n<\/ul>\n<p class=\"p1\">El motor econ\u00f3mico de Florida se vuelve m\u00e1s productivo a medida que aumenta la proporci\u00f3n de trabajadores educados. Los j\u00f3venes inmigrantes indocumentados, tambi\u00e9n conocidos como Dreamers, durante d\u00e9cadas se han inscrito en nuestras instituciones de educaci\u00f3n superior y han ayudado a diversificar y satisfacer las necesidades laborales. Sin embargo, sin la aprobaci\u00f3n de una soluci\u00f3n legislativa permanente, el potencial de estas mentes j\u00f3venes brillantes est\u00e1 limitado. \u00danase a nosotros para abogar por protecciones permanentes para los Dreamers, que han estado en la primera l\u00ednea de nuestra recuperaci\u00f3n econ\u00f3mica y merecen un camino hacia la ciudadan\u00eda.<\/p>\n<p>&nbsp;<\/p>\n<p><strong>Puedes inscribirte aqu\u00ed: <a href=\"https:\/\/bit.ly\/FLUniversityForum\">https:\/\/bit.ly\/FLUniversityForum<\/a><\/strong><b><\/b><\/p>\n","protected":false},"featured_media":0,"template":"","class_list":["post-34946","event","type-event","status-publish"],"yoast_head":"<!-- This site is optimized with the Yoast SEO plugin v26.9 - https:\/\/yoast.com\/product\/yoast-seo-wordpress\/ -->\n<title>Cumpliendo la promesa de Florida: Foro del Presidente de la Universidad sobre el Dream Act y la Reforma Migratoria &#8212; Coalici\u00f3n Americana de Inmigraci\u00f3n Empresarial<\/title>\n<meta name=\"robots\" content=\"noindex, follow\" \/>\n<meta property=\"og:locale\" content=\"es_ES\" \/>\n<meta property=\"og:type\" content=\"article\" \/>\n<meta property=\"og:title\" content=\"Cumpliendo la promesa de Florida: Foro del Presidente de la Universidad sobre el Dream Act y la Reforma Migratoria &#8212; Coalici\u00f3n Americana de Inmigraci\u00f3n Empresarial\" \/>\n<meta property=\"og:description\" content=\"Cumpliendo la promesa de Florida: Foro del Presidente de la Universidad sobre el Dream Act y la Reforma Migratoria \u00danase a nosotros en Martes 29 de junio, a las 2:00...\" \/>\n<meta property=\"og:url\" content=\"https:\/\/abic.us\/es\/event\/cumpliendo-la-promesa-de-florida-foro-del-presidente-de-la-universidad-sobre-el-dream-act-y-la-reforma-migratoria\/\" \/>\n<meta property=\"og:site_name\" content=\"Coalici\u00f3n Americana de Inmigraci\u00f3n Empresarial\" \/>\n<meta property=\"article:publisher\" content=\"https:\/\/www.facebook.com\/AmericanBIC\" \/>\n<meta property=\"og:image\" content=\"https:\/\/abic.imgix.net\/assets\/1.corrected.06.23.21.promo_.Florida-University-Roundtable.png\" \/>\n<meta name=\"twitter:card\" content=\"summary_large_image\" \/>\n<meta name=\"twitter:site\" content=\"@AmericanBIC\" \/>\n<meta name=\"twitter:label1\" content=\"Tiempo de lectura\" \/>\n\t<meta name=\"twitter:data1\" content=\"2 minutos\" \/>\n<script type=\"application\/ld+json\" class=\"yoast-schema-graph\">{\"@context\":\"https:\/\/schema.org\",\"@graph\":[{\"@type\":\"WebPage\",\"@id\":\"https:\/\/abic.us\/es\/event\/cumpliendo-la-promesa-de-florida-foro-del-presidente-de-la-universidad-sobre-el-dream-act-y-la-reforma-migratoria\/\",\"url\":\"https:\/\/abic.us\/es\/event\/cumpliendo-la-promesa-de-florida-foro-del-presidente-de-la-universidad-sobre-el-dream-act-y-la-reforma-migratoria\/\",\"name\":\"Cumpliendo la promesa de Florida: Foro del Presidente de la Universidad sobre el Dream Act y la Reforma Migratoria &#8212; Coalici\u00f3n Americana de Inmigraci\u00f3n Empresarial\",\"isPartOf\":{\"@id\":\"https:\/\/abic.us\/es\/#website\"},\"primaryImageOfPage\":{\"@id\":\"https:\/\/abic.us\/es\/event\/cumpliendo-la-promesa-de-florida-foro-del-presidente-de-la-universidad-sobre-el-dream-act-y-la-reforma-migratoria\/#primaryimage\"},\"image\":{\"@id\":\"https:\/\/abic.us\/es\/event\/cumpliendo-la-promesa-de-florida-foro-del-presidente-de-la-universidad-sobre-el-dream-act-y-la-reforma-migratoria\/#primaryimage\"},\"thumbnailUrl\":\"https:\/\/abic.imgix.net\/assets\/1.corrected.06.23.21.promo_.Florida-University-Roundtable.png\",\"datePublished\":\"2021-06-23T13:41:26+00:00\",\"breadcrumb\":{\"@id\":\"https:\/\/abic.us\/es\/event\/cumpliendo-la-promesa-de-florida-foro-del-presidente-de-la-universidad-sobre-el-dream-act-y-la-reforma-migratoria\/#breadcrumb\"},\"inLanguage\":\"es\",\"potentialAction\":[{\"@type\":\"ReadAction\",\"target\":[\"https:\/\/abic.us\/es\/event\/cumpliendo-la-promesa-de-florida-foro-del-presidente-de-la-universidad-sobre-el-dream-act-y-la-reforma-migratoria\/\"]}]},{\"@type\":\"ImageObject\",\"inLanguage\":\"es\",\"@id\":\"https:\/\/abic.us\/es\/event\/cumpliendo-la-promesa-de-florida-foro-del-presidente-de-la-universidad-sobre-el-dream-act-y-la-reforma-migratoria\/#primaryimage\",\"url\":\"https:\/\/abic.imgix.net\/assets\/1.corrected.06.23.21.promo_.Florida-University-Roundtable.png\",\"contentUrl\":\"https:\/\/abic.imgix.net\/assets\/1.corrected.06.23.21.promo_.Florida-University-Roundtable.png\"},{\"@type\":\"BreadcrumbList\",\"@id\":\"https:\/\/abic.us\/es\/event\/cumpliendo-la-promesa-de-florida-foro-del-presidente-de-la-universidad-sobre-el-dream-act-y-la-reforma-migratoria\/#breadcrumb\",\"itemListElement\":[{\"@type\":\"ListItem\",\"position\":1,\"name\":\"Hogar\",\"item\":\"https:\/\/abic.us\/es\/\"},{\"@type\":\"ListItem\",\"position\":2,\"name\":\"Cumpliendo la promesa de Florida: Foro del Presidente de la Universidad sobre el Dream Act y la Reforma Migratoria\"}]},{\"@type\":\"WebSite\",\"@id\":\"https:\/\/abic.us\/es\/#website\",\"url\":\"https:\/\/abic.us\/es\/\",\"name\":\"Coalici\u00f3n Americana de Inmigraci\u00f3n Empresarial\",\"description\":\"Juntos, promoveremos una reforma migratoria sensata que crezca empleos, fortalezca nuestra econom\u00eda y beneficie a todas las familias estadounidenses.\",\"publisher\":{\"@id\":\"https:\/\/abic.us\/es\/#organization\"},\"potentialAction\":[{\"@type\":\"SearchAction\",\"target\":{\"@type\":\"EntryPoint\",\"urlTemplate\":\"https:\/\/abic.us\/es\/?s={search_term_string}\"},\"query-input\":{\"@type\":\"PropertyValueSpecification\",\"valueRequired\":true,\"valueName\":\"search_term_string\"}}],\"inLanguage\":\"es\"},{\"@type\":\"Organization\",\"@id\":\"https:\/\/abic.us\/es\/#organization\",\"name\":\"American Business Immigration Coalition\",\"url\":\"https:\/\/abic.us\/es\/\",\"logo\":{\"@type\":\"ImageObject\",\"inLanguage\":\"es\",\"@id\":\"https:\/\/abic.us\/es\/#\/schema\/logo\/image\/\",\"url\":\"https:\/\/abic.us\/wp-content\/uploads\/2021\/11\/ABIC-Logo.png\",\"contentUrl\":\"https:\/\/abic.us\/wp-content\/uploads\/2021\/11\/ABIC-Logo.png\",\"width\":1000,\"height\":260,\"caption\":\"American Business Immigration Coalition\"},\"image\":{\"@id\":\"https:\/\/abic.us\/es\/#\/schema\/logo\/image\/\"},\"sameAs\":[\"https:\/\/www.facebook.com\/AmericanBIC\",\"https:\/\/x.com\/AmericanBIC\"]}]}<\/script>\n<!-- \/ Yoast SEO plugin. -->","yoast_head_json":{"title":"Cumpliendo la promesa de Florida: Foro del Presidente de la Universidad sobre el Dream Act y la Reforma Migratoria &#8212; Coalici\u00f3n Americana de Inmigraci\u00f3n Empresarial","robots":{"index":"noindex","follow":"follow"},"og_locale":"es_ES","og_type":"article","og_title":"Cumpliendo la promesa de Florida: Foro del Presidente de la Universidad sobre el Dream Act y la Reforma Migratoria &#8212; Coalici\u00f3n Americana de Inmigraci\u00f3n Empresarial","og_description":"Cumpliendo la promesa de Florida: Foro del Presidente de la Universidad sobre el Dream Act y la Reforma Migratoria \u00danase a nosotros en Martes 29 de junio, a las 2:00...","og_url":"https:\/\/abic.us\/es\/event\/cumpliendo-la-promesa-de-florida-foro-del-presidente-de-la-universidad-sobre-el-dream-act-y-la-reforma-migratoria\/","og_site_name":"Coalici\u00f3n Americana de Inmigraci\u00f3n Empresarial","article_publisher":"https:\/\/www.facebook.com\/AmericanBIC","og_image":[{"url":"https:\/\/abic.imgix.net\/assets\/1.corrected.06.23.21.promo_.Florida-University-Roundtable.png","type":"","width":"","height":""}],"twitter_card":"summary_large_image","twitter_site":"@AmericanBIC","twitter_misc":{"Tiempo de lectura":"2 minutos"},"schema":{"@context":"https:\/\/schema.org","@graph":[{"@type":"WebPage","@id":"https:\/\/abic.us\/es\/event\/cumpliendo-la-promesa-de-florida-foro-del-presidente-de-la-universidad-sobre-el-dream-act-y-la-reforma-migratoria\/","url":"https:\/\/abic.us\/es\/event\/cumpliendo-la-promesa-de-florida-foro-del-presidente-de-la-universidad-sobre-el-dream-act-y-la-reforma-migratoria\/","name":"Cumpliendo la promesa de Florida: Foro del Presidente de la Universidad sobre el Dream Act y la Reforma Migratoria &#8212; Coalici\u00f3n Americana de Inmigraci\u00f3n Empresarial","isPartOf":{"@id":"https:\/\/abic.us\/es\/#website"},"primaryImageOfPage":{"@id":"https:\/\/abic.us\/es\/event\/cumpliendo-la-promesa-de-florida-foro-del-presidente-de-la-universidad-sobre-el-dream-act-y-la-reforma-migratoria\/#primaryimage"},"image":{"@id":"https:\/\/abic.us\/es\/event\/cumpliendo-la-promesa-de-florida-foro-del-presidente-de-la-universidad-sobre-el-dream-act-y-la-reforma-migratoria\/#primaryimage"},"thumbnailUrl":"https:\/\/abic.imgix.net\/assets\/1.corrected.06.23.21.promo_.Florida-University-Roundtable.png","datePublished":"2021-06-23T13:41:26+00:00","breadcrumb":{"@id":"https:\/\/abic.us\/es\/event\/cumpliendo-la-promesa-de-florida-foro-del-presidente-de-la-universidad-sobre-el-dream-act-y-la-reforma-migratoria\/#breadcrumb"},"inLanguage":"es","potentialAction":[{"@type":"ReadAction","target":["https:\/\/abic.us\/es\/event\/cumpliendo-la-promesa-de-florida-foro-del-presidente-de-la-universidad-sobre-el-dream-act-y-la-reforma-migratoria\/"]}]},{"@type":"ImageObject","inLanguage":"es","@id":"https:\/\/abic.us\/es\/event\/cumpliendo-la-promesa-de-florida-foro-del-presidente-de-la-universidad-sobre-el-dream-act-y-la-reforma-migratoria\/#primaryimage","url":"https:\/\/abic.imgix.net\/assets\/1.corrected.06.23.21.promo_.Florida-University-Roundtable.png","contentUrl":"https:\/\/abic.imgix.net\/assets\/1.corrected.06.23.21.promo_.Florida-University-Roundtable.png"},{"@type":"BreadcrumbList","@id":"https:\/\/abic.us\/es\/event\/cumpliendo-la-promesa-de-florida-foro-del-presidente-de-la-universidad-sobre-el-dream-act-y-la-reforma-migratoria\/#breadcrumb","itemListElement":[{"@type":"ListItem","position":1,"name":"Hogar","item":"https:\/\/abic.us\/es\/"},{"@type":"ListItem","position":2,"name":"Cumpliendo la promesa de Florida: Foro del Presidente de la Universidad sobre el Dream Act y la Reforma Migratoria"}]},{"@type":"WebSite","@id":"https:\/\/abic.us\/es\/#website","url":"https:\/\/abic.us\/es\/","name":"Coalici\u00f3n Americana de Inmigraci\u00f3n Empresarial","description":"Juntos, promoveremos una reforma migratoria sensata que crezca empleos, fortalezca nuestra econom\u00eda y beneficie a todas las familias estadounidenses.","publisher":{"@id":"https:\/\/abic.us\/es\/#organization"},"potentialAction":[{"@type":"SearchAction","target":{"@type":"EntryPoint","urlTemplate":"https:\/\/abic.us\/es\/?s={search_term_string}"},"query-input":{"@type":"PropertyValueSpecification","valueRequired":true,"valueName":"search_term_string"}}],"inLanguage":"es"},{"@type":"Organization","@id":"https:\/\/abic.us\/es\/#organization","name":"American Business Immigration Coalition","url":"https:\/\/abic.us\/es\/","logo":{"@type":"ImageObject","inLanguage":"es","@id":"https:\/\/abic.us\/es\/#\/schema\/logo\/image\/","url":"https:\/\/abic.us\/wp-content\/uploads\/2021\/11\/ABIC-Logo.png","contentUrl":"https:\/\/abic.us\/wp-content\/uploads\/2021\/11\/ABIC-Logo.png","width":1000,"height":260,"caption":"American Business Immigration Coalition"},"image":{"@id":"https:\/\/abic.us\/es\/#\/schema\/logo\/image\/"},"sameAs":["https:\/\/www.facebook.com\/AmericanBIC","https:\/\/x.com\/AmericanBIC"]}]}},"_links":{"self":[{"href":"https:\/\/abic.us\/es\/wp-json\/wp\/v2\/event\/34946","targetHints":{"allow":["GET"]}}],"collection":[{"href":"https:\/\/abic.us\/es\/wp-json\/wp\/v2\/event"}],"about":[{"href":"https:\/\/abic.us\/es\/wp-json\/wp\/v2\/types\/event"}],"wp:attachment":[{"href":"https:\/\/abic.us\/es\/wp-json\/wp\/v2\/media?parent=34946"}],"curies":[{"name":"wp","href":"https:\/\/api.w.org\/{rel}","templated":true}]}}