{"id":34936,"date":"2021-09-21T13:38:41","date_gmt":"2021-09-21T13:38:41","guid":{"rendered":"https:\/\/abic.wpengine.com\/event\/la-economia-de-arizona-necesita-una-reforma-migratoria-ahora\/"},"modified":"2021-09-21T13:38:41","modified_gmt":"2021-09-21T13:38:41","slug":"la-economia-de-arizona-necesita-una-reforma-migratoria-ahora","status":"publish","type":"event","link":"https:\/\/abic.us\/es\/event\/la-economia-de-arizona-necesita-una-reforma-migratoria-ahora\/","title":{"rendered":"La econom\u00eda de Arizona necesita una reforma migratoria ahora"},"content":{"rendered":"<p><img loading=\"lazy\" decoding=\"async\" class=\"alignnone wp-image-31532\" src=\"https:\/\/abic.imgix.net\/assets\/Arizonas-Economy-Needs-Immigration-Reform-Now-social.png\" alt=\"\" width=\"1186\" height=\"462\"><\/p>\n<p>&nbsp;<\/p>\n<p class=\"p2\">\u00danase a la American Business Immigration Coalition en asociaci\u00f3n con FWD. NOS<span class=\"Apple-converted-space\">  <\/span>para una sesi\u00f3n informativa sobre una nueva encuesta nacional bipartidista realizada por el encuestador dem\u00f3crata Matt Barreto y el encuestador republicano Daron Shaw, que muestra que los votantes apoyan firmemente las v\u00edas propuestas hacia la ciudadan\u00eda para los Dreamers, los titulares de TPS, los trabajadores agr\u00edcolas y los trabajadores esenciales como parte de la legislaci\u00f3n presupuestaria pendiente.<\/p>\n<p>&nbsp;<\/p>\n<p class=\"p2\"><strong>Conferencia de prensa y comunicado de encuesta: La econom\u00eda de Arizona necesita una reforma migratoria ahora<\/strong><\/p>\n<p class=\"p2\"><i>mi\u00e9rcoles,<\/i>22 de septiembre de 2021<\/p>\n<p class=\"p2\">10:45 Hora AZ (12:45 pm CST\/1:45 EST)<\/p>\n<p class=\"p3\"><span class=\"s1\"><b><i>Ver en vivo: <\/i><\/p>\n<p><\/b> <a href=\"https:\/\/www.facebook.com\/AmericanBIC\/\"> <b> <i>www.facebook.com\/AmericanBIC\/<\/i><\/p>\n<p>  <\/b><\/p>\n<p><\/a><\/span><\/p>\n<p>&nbsp;<\/p>\n<p class=\"p2\"><strong>EMPEDERNIDO:<span class=\"Apple-converted-space\"> <\/span><\/strong><\/p>\n<p class=\"p2\"><strong>Representante Greg Stanton<\/strong> (D-AZ 9th District), Miembro, Comit\u00e9 Judicial de la C\u00e1mara de Representantes<\/p>\n<p class=\"p2\"><strong>Bob Worsley,<\/strong>ex senador republicano del estado de Arizona; Fundador, Skymall; Copresidente, ABIC<\/p>\n<p class=\"p2\"><strong>Rebecca Shi<\/strong>, Directora Ejecutiva, ABIC<\/p>\n<p class=\"p2\"><strong>Todd Schulte<\/strong>, Presidente, FWD.us<\/p>\n<p class=\"p2\"><strong>Matt Barreto<\/strong>, BSP Research, Encuestador Dem\u00f3crata<\/p>\n<p class=\"p2\"><strong>Daron Shaw<\/strong>, Shaw &amp; Co. Investigaci\u00f3n, Encuestador Republicano<\/p>\n<p class=\"p2\"><strong>Alejandra G\u00f3mez,<\/strong> Co-Director Ejecutivo, Living United for Change en Arizona &#8211; LUCHA<\/p>\n<p>&nbsp;<\/p>\n<p><b>Este evento est\u00e1 abierto a los medios de comunicaci\u00f3n.  <a href=\"https:\/\/bit.ly\/AZImmigrationPoll\">Reg\u00edstrese aqu\u00ed<\/a><\/b><\/p>\n","protected":false},"featured_media":0,"template":"","class_list":["post-34936","event","type-event","status-publish"],"yoast_head":"<!-- This site is optimized with the Yoast SEO plugin v26.9 - https:\/\/yoast.com\/product\/yoast-seo-wordpress\/ -->\n<title>La econom\u00eda de Arizona necesita una reforma migratoria ahora &#8212; Coalici\u00f3n Americana de Inmigraci\u00f3n Empresarial<\/title>\n<meta name=\"robots\" content=\"noindex, follow\" \/>\n<meta property=\"og:locale\" content=\"es_ES\" \/>\n<meta property=\"og:type\" content=\"article\" \/>\n<meta property=\"og:title\" content=\"La econom\u00eda de Arizona necesita una reforma migratoria ahora &#8212; Coalici\u00f3n Americana de Inmigraci\u00f3n Empresarial\" \/>\n<meta property=\"og:description\" content=\"&nbsp; \u00danase a la American Business Immigration Coalition en asociaci\u00f3n con FWD. NOS para una sesi\u00f3n informativa sobre una nueva encuesta nacional bipartidista realizada por el encuestador dem\u00f3crata Matt Barreto...\" \/>\n<meta property=\"og:url\" content=\"https:\/\/abic.us\/es\/event\/la-economia-de-arizona-necesita-una-reforma-migratoria-ahora\/\" \/>\n<meta property=\"og:site_name\" content=\"Coalici\u00f3n Americana de Inmigraci\u00f3n Empresarial\" \/>\n<meta property=\"article:publisher\" content=\"https:\/\/www.facebook.com\/AmericanBIC\" \/>\n<meta property=\"og:image\" content=\"https:\/\/abic.imgix.net\/assets\/Arizonas-Economy-Needs-Immigration-Reform-Now-social.png\" \/>\n<meta name=\"twitter:card\" content=\"summary_large_image\" \/>\n<meta name=\"twitter:site\" content=\"@AmericanBIC\" \/>\n<meta name=\"twitter:label1\" content=\"Tiempo de lectura\" \/>\n\t<meta name=\"twitter:data1\" content=\"1 minuto\" \/>\n<script type=\"application\/ld+json\" class=\"yoast-schema-graph\">{\"@context\":\"https:\/\/schema.org\",\"@graph\":[{\"@type\":\"WebPage\",\"@id\":\"https:\/\/abic.us\/es\/event\/la-economia-de-arizona-necesita-una-reforma-migratoria-ahora\/\",\"url\":\"https:\/\/abic.us\/es\/event\/la-economia-de-arizona-necesita-una-reforma-migratoria-ahora\/\",\"name\":\"La econom\u00eda de Arizona necesita una reforma migratoria ahora &#8212; Coalici\u00f3n Americana de Inmigraci\u00f3n Empresarial\",\"isPartOf\":{\"@id\":\"https:\/\/abic.us\/es\/#website\"},\"primaryImageOfPage\":{\"@id\":\"https:\/\/abic.us\/es\/event\/la-economia-de-arizona-necesita-una-reforma-migratoria-ahora\/#primaryimage\"},\"image\":{\"@id\":\"https:\/\/abic.us\/es\/event\/la-economia-de-arizona-necesita-una-reforma-migratoria-ahora\/#primaryimage\"},\"thumbnailUrl\":\"https:\/\/abic.imgix.net\/assets\/Arizonas-Economy-Needs-Immigration-Reform-Now-social.png\",\"datePublished\":\"2021-09-21T13:38:41+00:00\",\"breadcrumb\":{\"@id\":\"https:\/\/abic.us\/es\/event\/la-economia-de-arizona-necesita-una-reforma-migratoria-ahora\/#breadcrumb\"},\"inLanguage\":\"es\",\"potentialAction\":[{\"@type\":\"ReadAction\",\"target\":[\"https:\/\/abic.us\/es\/event\/la-economia-de-arizona-necesita-una-reforma-migratoria-ahora\/\"]}]},{\"@type\":\"ImageObject\",\"inLanguage\":\"es\",\"@id\":\"https:\/\/abic.us\/es\/event\/la-economia-de-arizona-necesita-una-reforma-migratoria-ahora\/#primaryimage\",\"url\":\"https:\/\/abic.imgix.net\/assets\/Arizonas-Economy-Needs-Immigration-Reform-Now-social.png\",\"contentUrl\":\"https:\/\/abic.imgix.net\/assets\/Arizonas-Economy-Needs-Immigration-Reform-Now-social.png\"},{\"@type\":\"BreadcrumbList\",\"@id\":\"https:\/\/abic.us\/es\/event\/la-economia-de-arizona-necesita-una-reforma-migratoria-ahora\/#breadcrumb\",\"itemListElement\":[{\"@type\":\"ListItem\",\"position\":1,\"name\":\"Hogar\",\"item\":\"https:\/\/abic.us\/es\/\"},{\"@type\":\"ListItem\",\"position\":2,\"name\":\"La econom\u00eda de Arizona necesita una reforma migratoria ahora\"}]},{\"@type\":\"WebSite\",\"@id\":\"https:\/\/abic.us\/es\/#website\",\"url\":\"https:\/\/abic.us\/es\/\",\"name\":\"Coalici\u00f3n Americana de Inmigraci\u00f3n Empresarial\",\"description\":\"Juntos, promoveremos una reforma migratoria sensata que crezca empleos, fortalezca nuestra econom\u00eda y beneficie a todas las familias estadounidenses.\",\"publisher\":{\"@id\":\"https:\/\/abic.us\/es\/#organization\"},\"potentialAction\":[{\"@type\":\"SearchAction\",\"target\":{\"@type\":\"EntryPoint\",\"urlTemplate\":\"https:\/\/abic.us\/es\/?s={search_term_string}\"},\"query-input\":{\"@type\":\"PropertyValueSpecification\",\"valueRequired\":true,\"valueName\":\"search_term_string\"}}],\"inLanguage\":\"es\"},{\"@type\":\"Organization\",\"@id\":\"https:\/\/abic.us\/es\/#organization\",\"name\":\"American Business Immigration Coalition\",\"url\":\"https:\/\/abic.us\/es\/\",\"logo\":{\"@type\":\"ImageObject\",\"inLanguage\":\"es\",\"@id\":\"https:\/\/abic.us\/es\/#\/schema\/logo\/image\/\",\"url\":\"https:\/\/abic.us\/wp-content\/uploads\/2021\/11\/ABIC-Logo.png\",\"contentUrl\":\"https:\/\/abic.us\/wp-content\/uploads\/2021\/11\/ABIC-Logo.png\",\"width\":1000,\"height\":260,\"caption\":\"American Business Immigration Coalition\"},\"image\":{\"@id\":\"https:\/\/abic.us\/es\/#\/schema\/logo\/image\/\"},\"sameAs\":[\"https:\/\/www.facebook.com\/AmericanBIC\",\"https:\/\/x.com\/AmericanBIC\"]}]}<\/script>\n<!-- \/ Yoast SEO plugin. -->","yoast_head_json":{"title":"La econom\u00eda de Arizona necesita una reforma migratoria ahora &#8212; Coalici\u00f3n Americana de Inmigraci\u00f3n Empresarial","robots":{"index":"noindex","follow":"follow"},"og_locale":"es_ES","og_type":"article","og_title":"La econom\u00eda de Arizona necesita una reforma migratoria ahora &#8212; Coalici\u00f3n Americana de Inmigraci\u00f3n Empresarial","og_description":"&nbsp; \u00danase a la American Business Immigration Coalition en asociaci\u00f3n con FWD. NOS para una sesi\u00f3n informativa sobre una nueva encuesta nacional bipartidista realizada por el encuestador dem\u00f3crata Matt Barreto...","og_url":"https:\/\/abic.us\/es\/event\/la-economia-de-arizona-necesita-una-reforma-migratoria-ahora\/","og_site_name":"Coalici\u00f3n Americana de Inmigraci\u00f3n Empresarial","article_publisher":"https:\/\/www.facebook.com\/AmericanBIC","og_image":[{"url":"https:\/\/abic.imgix.net\/assets\/Arizonas-Economy-Needs-Immigration-Reform-Now-social.png","type":"","width":"","height":""}],"twitter_card":"summary_large_image","twitter_site":"@AmericanBIC","twitter_misc":{"Tiempo de lectura":"1 minuto"},"schema":{"@context":"https:\/\/schema.org","@graph":[{"@type":"WebPage","@id":"https:\/\/abic.us\/es\/event\/la-economia-de-arizona-necesita-una-reforma-migratoria-ahora\/","url":"https:\/\/abic.us\/es\/event\/la-economia-de-arizona-necesita-una-reforma-migratoria-ahora\/","name":"La econom\u00eda de Arizona necesita una reforma migratoria ahora &#8212; Coalici\u00f3n Americana de Inmigraci\u00f3n Empresarial","isPartOf":{"@id":"https:\/\/abic.us\/es\/#website"},"primaryImageOfPage":{"@id":"https:\/\/abic.us\/es\/event\/la-economia-de-arizona-necesita-una-reforma-migratoria-ahora\/#primaryimage"},"image":{"@id":"https:\/\/abic.us\/es\/event\/la-economia-de-arizona-necesita-una-reforma-migratoria-ahora\/#primaryimage"},"thumbnailUrl":"https:\/\/abic.imgix.net\/assets\/Arizonas-Economy-Needs-Immigration-Reform-Now-social.png","datePublished":"2021-09-21T13:38:41+00:00","breadcrumb":{"@id":"https:\/\/abic.us\/es\/event\/la-economia-de-arizona-necesita-una-reforma-migratoria-ahora\/#breadcrumb"},"inLanguage":"es","potentialAction":[{"@type":"ReadAction","target":["https:\/\/abic.us\/es\/event\/la-economia-de-arizona-necesita-una-reforma-migratoria-ahora\/"]}]},{"@type":"ImageObject","inLanguage":"es","@id":"https:\/\/abic.us\/es\/event\/la-economia-de-arizona-necesita-una-reforma-migratoria-ahora\/#primaryimage","url":"https:\/\/abic.imgix.net\/assets\/Arizonas-Economy-Needs-Immigration-Reform-Now-social.png","contentUrl":"https:\/\/abic.imgix.net\/assets\/Arizonas-Economy-Needs-Immigration-Reform-Now-social.png"},{"@type":"BreadcrumbList","@id":"https:\/\/abic.us\/es\/event\/la-economia-de-arizona-necesita-una-reforma-migratoria-ahora\/#breadcrumb","itemListElement":[{"@type":"ListItem","position":1,"name":"Hogar","item":"https:\/\/abic.us\/es\/"},{"@type":"ListItem","position":2,"name":"La econom\u00eda de Arizona necesita una reforma migratoria ahora"}]},{"@type":"WebSite","@id":"https:\/\/abic.us\/es\/#website","url":"https:\/\/abic.us\/es\/","name":"Coalici\u00f3n Americana de Inmigraci\u00f3n Empresarial","description":"Juntos, promoveremos una reforma migratoria sensata que crezca empleos, fortalezca nuestra econom\u00eda y beneficie a todas las familias estadounidenses.","publisher":{"@id":"https:\/\/abic.us\/es\/#organization"},"potentialAction":[{"@type":"SearchAction","target":{"@type":"EntryPoint","urlTemplate":"https:\/\/abic.us\/es\/?s={search_term_string}"},"query-input":{"@type":"PropertyValueSpecification","valueRequired":true,"valueName":"search_term_string"}}],"inLanguage":"es"},{"@type":"Organization","@id":"https:\/\/abic.us\/es\/#organization","name":"American Business Immigration Coalition","url":"https:\/\/abic.us\/es\/","logo":{"@type":"ImageObject","inLanguage":"es","@id":"https:\/\/abic.us\/es\/#\/schema\/logo\/image\/","url":"https:\/\/abic.us\/wp-content\/uploads\/2021\/11\/ABIC-Logo.png","contentUrl":"https:\/\/abic.us\/wp-content\/uploads\/2021\/11\/ABIC-Logo.png","width":1000,"height":260,"caption":"American Business Immigration Coalition"},"image":{"@id":"https:\/\/abic.us\/es\/#\/schema\/logo\/image\/"},"sameAs":["https:\/\/www.facebook.com\/AmericanBIC","https:\/\/x.com\/AmericanBIC"]}]}},"_links":{"self":[{"href":"https:\/\/abic.us\/es\/wp-json\/wp\/v2\/event\/34936","targetHints":{"allow":["GET"]}}],"collection":[{"href":"https:\/\/abic.us\/es\/wp-json\/wp\/v2\/event"}],"about":[{"href":"https:\/\/abic.us\/es\/wp-json\/wp\/v2\/types\/event"}],"wp:attachment":[{"href":"https:\/\/abic.us\/es\/wp-json\/wp\/v2\/media?parent=34936"}],"curies":[{"name":"wp","href":"https:\/\/api.w.org\/{rel}","templated":true}]}}